{"id":36,"date":"2019-11-11T16:35:36","date_gmt":"2019-11-11T16:35:36","guid":{"rendered":"http:\/\/www.ctc2018.cl\/?page_id=36"},"modified":"2020-04-29T17:07:50","modified_gmt":"2020-04-29T17:07:50","slug":"nosotros","status":"publish","type":"page","link":"https:\/\/www.confederaciondelcobre.cl\/index.php\/nosotros\/","title":{"rendered":"Nosotros"},"content":{"rendered":"\n<h2 class=\"wp-block-heading\">Quienes Somos<\/h2>\n\n\n\n<p>La Confederaci\u00f3n de Trabajadores del Cobre (CTC), es una organizaci\u00f3n pol\u00edtico sindical de la miner\u00eda, la cual organiza a los trabajadores para reivindicar su rol y poder hist\u00f3rico, gener\u00e1ndoles conciencia de su poder. Esto lo lleva a cabo potenciando el poder mancomunado de los trabajadores, mediante una organizaci\u00f3n s\u00f3lida y representativa, con el prop\u00f3sito de generar los cambios pol\u00edticos, sociales y econ\u00f3micos que beneficien a la sociedad en su conjunto, valorando el trabajo y transformando la sociedad.<\/p>\n\n\n\n<h2 class=\"wp-block-heading\"><strong>Nuestros Valores<\/strong><\/h2>\n\n\n\n<p>Poseemos una estructura que coordina y se moviliza en forma nacional y con presencia en cada territorio, logrando reales avances para los trabajadores de la miner\u00eda.<\/p>\n\n\n\n<p>Proyectamos seriedad y confianza, poseemos contactos, somos consecuentes, tenemos poder de movilizaci\u00f3n, y conseguimos logros reivindicativos y pol\u00edticos.<\/p>\n\n\n\n<p>Tenemos la capacidad de an\u00e1lisis en lo pol\u00edtico-sindical y podemos enfrentar el poder econ\u00f3mico.<\/p>\n\n\n\n<p>Nos caracteriza nuestra decisi\u00f3n de lucha, capacidad organizativa y toma de decisi\u00f3n colectiva.<\/p>\n","protected":false},"excerpt":{"rendered":"<p>Quienes Somos La Confederaci\u00f3n de Trabajadores del Cobre (CTC), es una organizaci\u00f3n pol\u00edtico sindical de la miner\u00eda, la cual organiza a los trabajadores para reivindicar su rol y poder hist\u00f3rico, &hellip; <\/p>\n","protected":false},"author":1,"featured_media":0,"parent":0,"menu_order":0,"comment_status":"closed","ping_status":"closed","template":"","meta":{"jetpack_post_was_ever_published":false,"footnotes":""},"class_list":["post-36","page","type-page","status-publish","hentry"],"jetpack_sharing_enabled":true,"post_mailing_queue_ids":[],"_links":{"self":[{"href":"https:\/\/www.confederaciondelcobre.cl\/index.php\/wp-json\/wp\/v2\/pages\/36","targetHints":{"allow":["GET"]}}],"collection":[{"href":"https:\/\/www.confederaciondelcobre.cl\/index.php\/wp-json\/wp\/v2\/pages"}],"about":[{"href":"https:\/\/www.confederaciondelcobre.cl\/index.php\/wp-json\/wp\/v2\/types\/page"}],"author":[{"embeddable":true,"href":"https:\/\/www.confederaciondelcobre.cl\/index.php\/wp-json\/wp\/v2\/users\/1"}],"replies":[{"embeddable":true,"href":"https:\/\/www.confederaciondelcobre.cl\/index.php\/wp-json\/wp\/v2\/comments?post=36"}],"version-history":[{"count":1,"href":"https:\/\/www.confederaciondelcobre.cl\/index.php\/wp-json\/wp\/v2\/pages\/36\/revisions"}],"predecessor-version":[{"id":37,"href":"https:\/\/www.confederaciondelcobre.cl\/index.php\/wp-json\/wp\/v2\/pages\/36\/revisions\/37"}],"wp:attachment":[{"href":"https:\/\/www.confederaciondelcobre.cl\/index.php\/wp-json\/wp\/v2\/media?parent=36"}],"curies":[{"name":"wp","href":"https:\/\/api.w.org\/{rel}","templated":true}]}}